{"id":1753,"date":"2022-01-07T08:42:54","date_gmt":"2022-01-07T08:42:54","guid":{"rendered":"https:\/\/pkps.org.pl\/?page_id=1753"},"modified":"2023-03-17T12:22:51","modified_gmt":"2023-03-17T12:22:51","slug":"dziennego-domu-pobytu-i-swiadczenie-uslug-spolecznych","status":"publish","type":"page","link":"https:\/\/pkps.org.pl\/?page_id=1753","title":{"rendered":"Dzienny Dom Pobytu i \u015bwiadczenie us\u0142ug spo\u0142ecznych"},"content":{"rendered":"\t\t<div data-elementor-type=\"wp-page\" data-elementor-id=\"1753\" class=\"elementor elementor-1753\">\n\t\t\t\t\t\t<section class=\"elementor-section elementor-top-section elementor-element elementor-element-00a1d27 elementor-section-boxed elementor-section-height-default elementor-section-height-default\" data-id=\"00a1d27\" data-element_type=\"section\" data-e-type=\"section\">\n\t\t\t\t\t\t<div class=\"elementor-container elementor-column-gap-default\">\n\t\t\t\t\t<div class=\"elementor-column elementor-col-100 elementor-top-column elementor-element elementor-element-33e3b59\" data-id=\"33e3b59\" data-element_type=\"column\" data-e-type=\"column\">\n\t\t\t<div class=\"elementor-widget-wrap elementor-element-populated\">\n\t\t\t\t\t\t<div class=\"elementor-element elementor-element-5a099aa elementor-widget elementor-widget-image\" data-id=\"5a099aa\" data-element_type=\"widget\" data-e-type=\"widget\" data-widget_type=\"image.default\">\n\t\t\t\t<div class=\"elementor-widget-container\">\n\t\t\t\t\t\t\t\t\t\t\t\t\t\t\t<img decoding=\"async\" width=\"634\" height=\"54\" src=\"https:\/\/pkps.org.pl\/wp-content\/uploads\/2022\/01\/Zrzut-ekranu-2022-01-7-o-11.57.57.png\" class=\"attachment-large size-large wp-image-1777\" alt=\"\" srcset=\"https:\/\/pkps.org.pl\/wp-content\/uploads\/2022\/01\/Zrzut-ekranu-2022-01-7-o-11.57.57.png 828w, https:\/\/pkps.org.pl\/wp-content\/uploads\/2022\/01\/Zrzut-ekranu-2022-01-7-o-11.57.57-300x25.png 300w, https:\/\/pkps.org.pl\/wp-content\/uploads\/2022\/01\/Zrzut-ekranu-2022-01-7-o-11.57.57-768x65.png 768w\" sizes=\"(max-width: 634px) 100vw, 634px\" \/>\t\t\t\t\t\t\t\t\t\t\t\t\t\t\t<\/div>\n\t\t\t\t<\/div>\n\t\t\t\t\t<\/div>\n\t\t<\/div>\n\t\t\t\t\t<\/div>\n\t\t<\/section>\n\t\t\t\t<section class=\"elementor-section elementor-top-section elementor-element elementor-element-5a3d1f2 elementor-section-boxed elementor-section-height-default elementor-section-height-default\" data-id=\"5a3d1f2\" data-element_type=\"section\" data-e-type=\"section\">\n\t\t\t\t\t\t<div class=\"elementor-container elementor-column-gap-default\">\n\t\t\t\t\t<div class=\"elementor-column elementor-col-100 elementor-top-column elementor-element elementor-element-496d556\" data-id=\"496d556\" data-element_type=\"column\" data-e-type=\"column\">\n\t\t\t<div class=\"elementor-widget-wrap elementor-element-populated\">\n\t\t\t\t\t\t<div class=\"elementor-element elementor-element-882bdac elementor-widget elementor-widget-image\" data-id=\"882bdac\" data-element_type=\"widget\" data-e-type=\"widget\" data-widget_type=\"image.default\">\n\t\t\t\t<div class=\"elementor-widget-container\">\n\t\t\t\t\t\t\t\t\t\t\t\t\t\t\t<img decoding=\"async\" src=\"https:\/\/pkps.org.pl\/wp-content\/uploads\/2023\/03\/badania1-1.pdf\" title=\"\" alt=\"\" loading=\"lazy\" \/>\t\t\t\t\t\t\t\t\t\t\t\t\t\t\t<\/div>\n\t\t\t\t<\/div>\n\t\t\t\t\t<\/div>\n\t\t<\/div>\n\t\t\t\t\t<\/div>\n\t\t<\/section>\n\t\t\t\t<section class=\"elementor-section elementor-top-section elementor-element elementor-element-ce762ff elementor-section-boxed elementor-section-height-default elementor-section-height-default\" data-id=\"ce762ff\" data-element_type=\"section\" data-e-type=\"section\">\n\t\t\t\t\t\t<div class=\"elementor-container elementor-column-gap-default\">\n\t\t\t\t\t<div class=\"elementor-column elementor-col-100 elementor-top-column elementor-element elementor-element-1ff5302\" data-id=\"1ff5302\" data-element_type=\"column\" data-e-type=\"column\">\n\t\t\t<div class=\"elementor-widget-wrap elementor-element-populated\">\n\t\t\t\t\t\t<div class=\"elementor-element elementor-element-4f44779 elementor-widget elementor-widget-heading\" data-id=\"4f44779\" data-element_type=\"widget\" data-e-type=\"widget\" data-widget_type=\"heading.default\">\n\t\t\t\t<div class=\"elementor-widget-container\">\n\t\t\t\t\t<h2 class=\"elementor-heading-title elementor-size-default\"><p class=\"MsoNormal\" align=\"center\" style=\"margin: 0cm;line-height: normal;font-size: 11pt;font-family: Calibri, sans-serif;font-style: normal;text-align: center\"><b><span style=\"font-size: 12pt;, serif\">\u201e<\/span><\/b><b><i><span style=\"font-size: 14pt;, serif\">Uruchomienie Dziennego Domu Pobytu i \u015bwiadczenie us\u0142ug spo\u0142ecznych&nbsp;<\/span><\/i><\/b><\/p><p class=\"MsoNormal\" align=\"center\" style=\"margin: 0cm;line-height: normal;font-size: 11pt;font-family: Calibri, sans-serif;font-style: normal;text-align: center\"><b><i><span style=\"font-size: 14pt;, serif\">w lokalnej spo\u0142eczno\u015bci dla mieszka\u0144c\u00f3w 60+ powiatu&nbsp;<\/span><\/i><\/b><\/p><p class=\"MsoNormal\" align=\"center\" style=\"margin: 0cm;line-height: normal;font-size: 11pt;font-family: Calibri, sans-serif;font-style: normal;text-align: center\"><b><i><span style=\"font-size: 14pt;, serif\">pruszkowskiego i grodziskiego<\/span><\/i><\/b><b><span style=\"font-size: 14pt;, serif\">\u201d<i><\/i><\/span><\/b><\/p><\/h2>\t\t\t\t<\/div>\n\t\t\t\t<\/div>\n\t\t\t\t\t<\/div>\n\t\t<\/div>\n\t\t\t\t\t<\/div>\n\t\t<\/section>\n\t\t\t\t<section class=\"elementor-section elementor-top-section elementor-element elementor-element-4f7a6d5 elementor-section-boxed elementor-section-height-default elementor-section-height-default\" data-id=\"4f7a6d5\" data-element_type=\"section\" data-e-type=\"section\">\n\t\t\t\t\t\t<div class=\"elementor-container elementor-column-gap-default\">\n\t\t\t\t\t<div class=\"elementor-column elementor-col-100 elementor-top-column elementor-element elementor-element-645bcac\" data-id=\"645bcac\" data-element_type=\"column\" data-e-type=\"column\">\n\t\t\t<div class=\"elementor-widget-wrap elementor-element-populated\">\n\t\t\t\t\t\t<div class=\"elementor-element elementor-element-0b56d11 elementor-widget elementor-widget-text-editor\" data-id=\"0b56d11\" data-element_type=\"widget\" data-e-type=\"widget\" data-widget_type=\"text-editor.default\">\n\t\t\t\t<div class=\"elementor-widget-container\">\n\t\t\t\t\t\t\t\t\t<p>Projekt realizowany przez Polski Komitet Pomocy Spo\u0142ecznej dzi\u0119ki dofinansowaniu przez Uni\u0119 Europejsk\u0105 w ramach Europejskiego Funduszu Spo\u0142ecznego oraz bud\u017cetu pa\u0144stwa w ramach Regionalnego Programu Operacyjnego Wojew\u00f3dztwa Mazowieckiego<\/p><p>na lata 2014-2020, O\u015b priorytetowa IX Wspieranie w\u0142\u0105czenia spo\u0142ecznego i walka z ub\u00f3stwem, Dzia\u0142anie 9.2 Us\u0142ugi spo\u0142eczne i us\u0142ugi opieki zdrowotnej, Poddzia\u0142anie Zwi\u0119kszenie dost\u0119pno\u015bci do us\u0142ug spo\u0142ecznych<\/p><p><strong><em>Cel projektu<\/em><\/strong><\/p><p>Celem projektu jest\u00a0 zwi\u0119kszenie dost\u0119pu do us\u0142ug spo\u0142ecznych:\u00a0<span style=\"color: var( --e-global-color-text );\">us\u0142ug opieku\u0144czych i specjalistycznych us\u0142ug opieku\u0144czych dla 60 os\u00f3b niesamodzielnych\u00a0<\/span><span style=\"color: var( --e-global-color-text );\">z powiatu pruszkowskiego i grodziskiego w okresie od 01.08.2020 \u2013 31.07.2022<\/span><\/p><p>Warto\u015b\u0107 ca\u0142kowita projektu: \u00a0\u00a0\u00a0\u00a0\u00a0\u00a0\u00a0\u00a0\u00a0\u00a0\u00a0\u00a0\u00a0\u00a0\u00a0\u00a0\u00a0\u00a0\u00a02 165\u00a0277,73 PLN<br \/><span style=\"color: var( --e-global-color-text );\">Warto\u015b\u0107 dofinansowania:\u00a0\u00a0\u00a0\u00a0\u00a0\u00a0\u00a0\u00a0\u00a0\u00a0\u00a0\u00a0\u00a0\u00a0\u00a0\u00a0\u00a0\u00a0\u00a0\u00a0\u00a0\u00a0\u00a0 2\u00a0013\u00a0708,29 PLN<\/span><\/p><p>W tym:<br \/>dofinansowanie projektu z UE: \u00a0\u00a0\u00a0\u00a0\u00a0\u00a0\u00a0\u00a0\u00a0\u00a0\u00a0\u00a0\u00a01\u00a0732\u00a0222,18 PLN\u00a0\u00a0\u00a0\u00a0\u00a0\u00a0\u00a0\u00a0\u00a0\u00a0\u00a0\u00a0\u00a0\u00a0\u00a0\u00a0\u00a0\u00a0\u00a0\u00a0\u00a0\u00a0\u00a0\u00a0\u00a0\u00a0\u00a0\u00a0\u00a0\u00a0\u00a0\u00a0\u00a0\u00a0\u00a0\u00a0\u00a0\u00a0\u00a0\u00a0\u00a0\u00a0\u00a0\u00a0\u00a0\u00a0\u00a0\u00a0\u00a0\u00a0\u00a0\u00a0\u00a0\u00a0\u00a0\u00a0\u00a0\u00a0\u00a0 dofinansowanie ze \u015brodk\u00f3w krajowych: \u00a0\u00a0281\u00a0486,11 PLN<\/p><p><strong><em>Odbiorcy dzia\u0142a\u0144 projektowych<\/em><\/strong><\/p><ol><li>Osoby niesamodzielne w wieku 60+, kt\u00f3re:<\/li><\/ol><ul><li>na skutek stanu zdrowia lub podesz\u0142ego wieku nie mog\u0105 samodzielnie wykonywa\u0107 co najmniej jednej z podstawowych czynno\u015bci dnia codziennego ( np.: ubieranie, przygotowywanie posi\u0142k\u00f3w, jedzenie itp.),<\/li><li>zamieszkuj\u0105 na terenie powiatu grodziskiego lub pruszkowskiego,<\/li><li>nie korzystaj\u0105 z us\u0142ug opieku\u0144czych z pomocy spo\u0142ecznej lub finansowanych z innych projekt\u00f3w Europejskiego Funduszu Spo\u0142ecznego (EFS);<\/li><\/ul><ol start=\"2\"><li>Opiekunowie os\u00f3b niesamodzielnych.<\/li><\/ol><p><strong><em>Rodzaj udzielanego wsparcia w ramach projektu:<\/em><\/strong><\/p><ol><li>Us\u0142ugi opieku\u0144cze realizowane w miejscu zamieszkania osoby niesamodzielnej, w tym:<\/li><\/ol><ul><li>us\u0142ugi opieku\u0144cze,<\/li><li>specjalistyczne us\u0142ugi opieku\u0144cze realizowane przez: pracownika socjalnego, piel\u0119gniark\u0119, fizjoterapeut\u0119.<\/li><\/ul><ol start=\"2\"><li>Pobyt w Dziennym Domu Pobytu, w tym:<\/li><\/ol><ul><li>us\u0142ugi opieku\u0144cze,<\/li><li>specjalistyczne us\u0142ugi opieku\u0144cze realizowane przez: pracownika socjalnego, piel\u0119gniark\u0119, fizjoterapeut\u0119, psychologa;<\/li><li>terapi\u0119 zaj\u0119ciow\u0105: terapi\u0119 sensoryczn\u0105, muzykoterapi\u0119, warsztaty r\u0119kodzie\u0142a artystycznego, zaj\u0119cia integracyjno-kulturalne, seanse filmowe, spotkania literackie;<\/li><li>wy\u017cywienie: dwudaniowy obiad, kawa, herbata;<\/li><li>transport do DDP i z powrotem.<\/li><\/ul><ol start=\"3\"><li>Warsztaty wzmacniaj\u0105ce kompetencje opiekun\u00f3w faktycznych w zakresie piel\u0119gnacji os\u00f3b niesamodzielnych.<\/li><li>Poradnictwo psychologiczne i socjalne dla opiekun\u00f3w faktycznych os\u00f3b niesamodzielnych.<\/li><\/ol><p><strong><u>Wi\u0119cej informacji<\/u><\/strong><strong>: tel. 501\u00a0384\u00a0059 \u00a0<\/strong><strong>lub w biurze projektu: Dzienny Dom Pobytu PKPS Milan\u00f3wek, ul. Ko\u015bciuszki 116 <\/strong><\/p><p>W za\u0142\u0105czeniu:<br \/>Regulamin rekrutacji i uczestnictwa w projekcie wraz z za\u0142\u0105cznikami:<\/p><p><a href=\"https:\/\/pkps.org.pl\/wp-content\/uploads\/2022\/01\/Zalacznik-nr-1-Formularz-zgloszeniowy-i-deklaracja-PKPS.odt\" target=\"_blank\" rel=\"noopener\">Za\u0142\u0105cznik nr 1 &#8211; Formularz zg\u0142oszeniowy i deklaracja uczestnictwa w Projekcie.<\/a><\/p><p><a href=\"https:\/\/pkps.org.pl\/wp-content\/uploads\/2022\/01\/ZALACZNIK-NR-2-Oswiadczenie-uczestnika-projektu.pdf\" target=\"_blank\" rel=\"noopener\">Za\u0142\u0105cznik nr 2 &#8211; O\u015bwiadczenie Uczestnika Projektu o wyra\u017ceniu zgody na przetwarzanie danych osobowych w ramach Projektu.<\/a><\/p><p><a href=\"https:\/\/pkps.org.pl\/wp-content\/uploads\/2022\/01\/Zalacznik-nr-3-WZOR-UMOWA-UCZESTNICTWA-W-PROJEKCIE.pdf\" target=\"_blank\" rel=\"noopener\">Za\u0142\u0105cznik nr 3 &#8211; Wz\u00f3r umowy uczestnictwa w projekcie .<\/a><\/p><p><a href=\"https:\/\/pkps.org.pl\/wp-content\/uploads\/2022\/01\/Zalacznik-nr-4-REJESTR-WPLYWU-ZGLOSZEN.pdf\" target=\"_blank\" rel=\"noopener\">Za\u0142\u0105cznik nr 4 &#8211; Rejestr wp\u0142ywu zg\u0142osze\u0144.<\/a><\/p><p><a href=\"https:\/\/pkps.org.pl\/wp-content\/uploads\/2022\/01\/Zalacznik-nr-5-Protokol-rekrutacji-do-projektu.pdf\" target=\"_blank\" rel=\"noopener\">Za\u0142\u0105cznik nr 5 &#8211; Protok\u00f3\u0142 z rekrutacji Kandydata\/Kandydatki do Projektu.<\/a><\/p><p><a href=\"https:\/\/pkps.org.pl\/wp-content\/uploads\/2022\/01\/Zalacznik-nr-6-REGULAMIN-ORGANIZACYJNY-DDP.pdf\" target=\"_blank\" rel=\"noopener\">Za\u0142\u0105cznik nr 6 &#8211; Regulamin\u00a0 Dziennego Domu Pobytu.<\/a><\/p>\t\t\t\t\t\t\t\t<\/div>\n\t\t\t\t<\/div>\n\t\t\t\t\t<\/div>\n\t\t<\/div>\n\t\t\t\t\t<\/div>\n\t\t<\/section>\n\t\t\t\t<section class=\"elementor-section elementor-top-section elementor-element elementor-element-ebc1561 elementor-section-boxed elementor-section-height-default elementor-section-height-default\" data-id=\"ebc1561\" data-element_type=\"section\" data-e-type=\"section\">\n\t\t\t\t\t\t<div class=\"elementor-container elementor-column-gap-default\">\n\t\t\t\t\t<div class=\"elementor-column elementor-col-100 elementor-top-column elementor-element elementor-element-0937cc4\" data-id=\"0937cc4\" data-element_type=\"column\" data-e-type=\"column\">\n\t\t\t<div class=\"elementor-widget-wrap elementor-element-populated\">\n\t\t\t\t\t\t<div class=\"elementor-element elementor-element-3462d8f elementor-widget elementor-widget-image\" data-id=\"3462d8f\" data-element_type=\"widget\" data-e-type=\"widget\" data-widget_type=\"image.default\">\n\t\t\t\t<div class=\"elementor-widget-container\">\n\t\t\t\t\t\t\t\t\t\t\t\t\t\t\t<img decoding=\"async\" width=\"300\" height=\"25\" src=\"https:\/\/pkps.org.pl\/wp-content\/uploads\/2022\/01\/Zrzut-ekranu-2022-01-7-o-11.57.57-300x25.png\" class=\"attachment-medium size-medium wp-image-1777\" alt=\"\" srcset=\"https:\/\/pkps.org.pl\/wp-content\/uploads\/2022\/01\/Zrzut-ekranu-2022-01-7-o-11.57.57-300x25.png 300w, https:\/\/pkps.org.pl\/wp-content\/uploads\/2022\/01\/Zrzut-ekranu-2022-01-7-o-11.57.57-768x65.png 768w, https:\/\/pkps.org.pl\/wp-content\/uploads\/2022\/01\/Zrzut-ekranu-2022-01-7-o-11.57.57.png 828w\" sizes=\"(max-width: 300px) 100vw, 300px\" \/>\t\t\t\t\t\t\t\t\t\t\t\t\t\t\t<\/div>\n\t\t\t\t<\/div>\n\t\t\t\t\t<\/div>\n\t\t<\/div>\n\t\t\t\t\t<\/div>\n\t\t<\/section>\n\t\t\t\t<section class=\"elementor-section elementor-top-section elementor-element elementor-element-2dffd95 elementor-section-boxed elementor-section-height-default elementor-section-height-default\" data-id=\"2dffd95\" data-element_type=\"section\" data-e-type=\"section\">\n\t\t\t\t\t\t<div class=\"elementor-container elementor-column-gap-default\">\n\t\t\t\t\t<div class=\"elementor-column elementor-col-100 elementor-top-column elementor-element elementor-element-be0b9ea\" data-id=\"be0b9ea\" data-element_type=\"column\" data-e-type=\"column\">\n\t\t\t<div class=\"elementor-widget-wrap elementor-element-populated\">\n\t\t\t\t\t\t<div class=\"elementor-element elementor-element-bb19e30 elementor-widget elementor-widget-image\" data-id=\"bb19e30\" data-element_type=\"widget\" data-e-type=\"widget\" data-widget_type=\"image.default\">\n\t\t\t\t<div class=\"elementor-widget-container\">\n\t\t\t\t\t\t\t\t\t\t\t\t\t\t\t<img decoding=\"async\" width=\"634\" height=\"54\" src=\"https:\/\/pkps.org.pl\/wp-content\/uploads\/2022\/01\/Zrzut-ekranu-2022-01-7-o-11.57.57.png\" class=\"attachment-large size-large wp-image-1777\" alt=\"\" srcset=\"https:\/\/pkps.org.pl\/wp-content\/uploads\/2022\/01\/Zrzut-ekranu-2022-01-7-o-11.57.57.png 828w, https:\/\/pkps.org.pl\/wp-content\/uploads\/2022\/01\/Zrzut-ekranu-2022-01-7-o-11.57.57-300x25.png 300w, https:\/\/pkps.org.pl\/wp-content\/uploads\/2022\/01\/Zrzut-ekranu-2022-01-7-o-11.57.57-768x65.png 768w\" sizes=\"(max-width: 634px) 100vw, 634px\" \/>\t\t\t\t\t\t\t\t\t\t\t\t\t\t\t<\/div>\n\t\t\t\t<\/div>\n\t\t\t\t\t<\/div>\n\t\t<\/div>\n\t\t\t\t\t<\/div>\n\t\t<\/section>\n\t\t\t\t<section class=\"elementor-section elementor-top-section elementor-element elementor-element-ff18c8d elementor-section-boxed elementor-section-height-default elementor-section-height-default\" data-id=\"ff18c8d\" data-element_type=\"section\" data-e-type=\"section\">\n\t\t\t\t\t\t<div class=\"elementor-container elementor-column-gap-default\">\n\t\t\t\t\t<div class=\"elementor-column elementor-col-100 elementor-top-column elementor-element elementor-element-16db72f\" data-id=\"16db72f\" data-element_type=\"column\" data-e-type=\"column\">\n\t\t\t<div class=\"elementor-widget-wrap elementor-element-populated\">\n\t\t\t\t\t\t<div class=\"elementor-element elementor-element-0202ab6 elementor-widget elementor-widget-image\" data-id=\"0202ab6\" data-element_type=\"widget\" data-e-type=\"widget\" data-widget_type=\"image.default\">\n\t\t\t\t<div class=\"elementor-widget-container\">\n\t\t\t\t\t\t\t\t\t\t\t\t\t\t\t<img fetchpriority=\"high\" decoding=\"async\" width=\"634\" height=\"187\" src=\"https:\/\/pkps.org.pl\/wp-content\/uploads\/2021\/10\/EU_EFS_rgb-1-700x207-1.jpg\" class=\"attachment-large size-large wp-image-1714\" alt=\"\" srcset=\"https:\/\/pkps.org.pl\/wp-content\/uploads\/2021\/10\/EU_EFS_rgb-1-700x207-1.jpg 700w, https:\/\/pkps.org.pl\/wp-content\/uploads\/2021\/10\/EU_EFS_rgb-1-700x207-1-300x89.jpg 300w\" sizes=\"(max-width: 634px) 100vw, 634px\" \/>\t\t\t\t\t\t\t\t\t\t\t\t\t\t\t<\/div>\n\t\t\t\t<\/div>\n\t\t\t\t\t<\/div>\n\t\t<\/div>\n\t\t\t\t\t<\/div>\n\t\t<\/section>\n\t\t\t\t<\/div>\n\t\t","protected":false},"excerpt":{"rendered":"<p>\u201eUruchomienie Dziennego Domu Pobytu i \u015bwiadczenie us\u0142ug spo\u0142ecznych&nbsp; w lokalnej spo\u0142eczno\u015bci dla mieszka\u0144c\u00f3w 60+ powiatu&nbsp; pruszkowskiego i grodziskiego\u201d Projekt realizowany przez Polski Komitet Pomocy Spo\u0142ecznej dzi\u0119ki dofinansowaniu przez Uni\u0119 Europejsk\u0105 w ramach Europejskiego Funduszu Spo\u0142ecznego oraz bud\u017cetu pa\u0144stwa w ramach Regionalnego Programu Operacyjnego Wojew\u00f3dztwa Mazowieckiego na lata 2014-2020, O\u015b priorytetowa IX Wspieranie w\u0142\u0105czenia spo\u0142ecznego i [&hellip;]<\/p>\n","protected":false},"author":3,"featured_media":0,"parent":0,"menu_order":0,"comment_status":"closed","ping_status":"closed","template":"","meta":{"footnotes":"","_links_to":"","_links_to_target":""},"class_list":["post-1753","page","type-page","status-publish","hentry"],"yoast_head":"<!-- This site is optimized with the Yoast SEO plugin v27.4 - https:\/\/yoast.com\/product\/yoast-seo-wordpress\/ -->\n<title>Dzienny Dom Pobytu i \u015bwiadczenie us\u0142ug spo\u0142ecznych - Polski Komitet Pomocy Spo\u0142ecznej<\/title>\n<meta name=\"robots\" content=\"index, follow, max-snippet:-1, max-image-preview:large, max-video-preview:-1\" \/>\n<link rel=\"canonical\" href=\"https:\/\/pkps.org.pl\/?page_id=1753\" \/>\n<meta property=\"og:locale\" content=\"pl_PL\" \/>\n<meta property=\"og:type\" content=\"article\" \/>\n<meta property=\"og:title\" content=\"Dzienny Dom Pobytu i \u015bwiadczenie us\u0142ug spo\u0142ecznych - Polski Komitet Pomocy Spo\u0142ecznej\" \/>\n<meta property=\"og:description\" content=\"\u201eUruchomienie Dziennego Domu Pobytu i \u015bwiadczenie us\u0142ug spo\u0142ecznych&nbsp; w lokalnej spo\u0142eczno\u015bci dla mieszka\u0144c\u00f3w 60+ powiatu&nbsp; pruszkowskiego i grodziskiego\u201d Projekt realizowany przez Polski Komitet Pomocy Spo\u0142ecznej dzi\u0119ki dofinansowaniu przez Uni\u0119 Europejsk\u0105 w ramach Europejskiego Funduszu Spo\u0142ecznego oraz bud\u017cetu pa\u0144stwa w ramach Regionalnego Programu Operacyjnego Wojew\u00f3dztwa Mazowieckiego na lata 2014-2020, O\u015b priorytetowa IX Wspieranie w\u0142\u0105czenia spo\u0142ecznego i [&hellip;]\" \/>\n<meta property=\"og:url\" content=\"https:\/\/pkps.org.pl\/?page_id=1753\" \/>\n<meta property=\"og:site_name\" content=\"Polski Komitet Pomocy Spo\u0142ecznej\" \/>\n<meta property=\"article:modified_time\" content=\"2023-03-17T12:22:51+00:00\" \/>\n<meta property=\"og:image\" content=\"https:\/\/pkps.org.pl\/wp-content\/uploads\/2022\/01\/Zrzut-ekranu-2022-01-7-o-11.57.57.png\" \/>\n<meta name=\"twitter:card\" content=\"summary_large_image\" \/>\n<meta name=\"twitter:label1\" content=\"Szacowany czas czytania\" \/>\n\t<meta name=\"twitter:data1\" content=\"4 minuty\" \/>\n<script type=\"application\/ld+json\" class=\"yoast-schema-graph\">{\"@context\":\"https:\\\/\\\/schema.org\",\"@graph\":[{\"@type\":\"WebPage\",\"@id\":\"https:\\\/\\\/pkps.org.pl\\\/?page_id=1753\",\"url\":\"https:\\\/\\\/pkps.org.pl\\\/?page_id=1753\",\"name\":\"Dzienny Dom Pobytu i \u015bwiadczenie us\u0142ug spo\u0142ecznych - Polski Komitet Pomocy Spo\u0142ecznej\",\"isPartOf\":{\"@id\":\"https:\\\/\\\/pkps.org.pl\\\/#website\"},\"primaryImageOfPage\":{\"@id\":\"https:\\\/\\\/pkps.org.pl\\\/?page_id=1753#primaryimage\"},\"image\":{\"@id\":\"https:\\\/\\\/pkps.org.pl\\\/?page_id=1753#primaryimage\"},\"thumbnailUrl\":\"https:\\\/\\\/pkps.org.pl\\\/wp-content\\\/uploads\\\/2022\\\/01\\\/Zrzut-ekranu-2022-01-7-o-11.57.57.png\",\"datePublished\":\"2022-01-07T08:42:54+00:00\",\"dateModified\":\"2023-03-17T12:22:51+00:00\",\"breadcrumb\":{\"@id\":\"https:\\\/\\\/pkps.org.pl\\\/?page_id=1753#breadcrumb\"},\"inLanguage\":\"pl-PL\",\"potentialAction\":[{\"@type\":\"ReadAction\",\"target\":[\"https:\\\/\\\/pkps.org.pl\\\/?page_id=1753\"]}]},{\"@type\":\"ImageObject\",\"inLanguage\":\"pl-PL\",\"@id\":\"https:\\\/\\\/pkps.org.pl\\\/?page_id=1753#primaryimage\",\"url\":\"https:\\\/\\\/pkps.org.pl\\\/wp-content\\\/uploads\\\/2022\\\/01\\\/Zrzut-ekranu-2022-01-7-o-11.57.57.png\",\"contentUrl\":\"https:\\\/\\\/pkps.org.pl\\\/wp-content\\\/uploads\\\/2022\\\/01\\\/Zrzut-ekranu-2022-01-7-o-11.57.57.png\",\"width\":828,\"height\":70},{\"@type\":\"BreadcrumbList\",\"@id\":\"https:\\\/\\\/pkps.org.pl\\\/?page_id=1753#breadcrumb\",\"itemListElement\":[{\"@type\":\"ListItem\",\"position\":1,\"name\":\"Strona g\u0142\u00f3wna\",\"item\":\"https:\\\/\\\/pkps.org.pl\\\/\"},{\"@type\":\"ListItem\",\"position\":2,\"name\":\"Dzienny Dom Pobytu i \u015bwiadczenie us\u0142ug spo\u0142ecznych\"}]},{\"@type\":\"WebSite\",\"@id\":\"https:\\\/\\\/pkps.org.pl\\\/#website\",\"url\":\"https:\\\/\\\/pkps.org.pl\\\/\",\"name\":\"Polski Komitet Pomocy Spo\u0142ecznej\",\"description\":\"Strona Polskiego Komitetu Pomocy Spo\u0142ecznej\",\"publisher\":{\"@id\":\"https:\\\/\\\/pkps.org.pl\\\/#organization\"},\"potentialAction\":[{\"@type\":\"SearchAction\",\"target\":{\"@type\":\"EntryPoint\",\"urlTemplate\":\"https:\\\/\\\/pkps.org.pl\\\/?s={search_term_string}\"},\"query-input\":{\"@type\":\"PropertyValueSpecification\",\"valueRequired\":true,\"valueName\":\"search_term_string\"}}],\"inLanguage\":\"pl-PL\"},{\"@type\":\"Organization\",\"@id\":\"https:\\\/\\\/pkps.org.pl\\\/#organization\",\"name\":\"Polski Komitet Pomocy Spo\u0142ecznej\",\"url\":\"https:\\\/\\\/pkps.org.pl\\\/\",\"logo\":{\"@type\":\"ImageObject\",\"inLanguage\":\"pl-PL\",\"@id\":\"https:\\\/\\\/pkps.org.pl\\\/#\\\/schema\\\/logo\\\/image\\\/\",\"url\":\"https:\\\/\\\/pkps.org.pl\\\/wp-content\\\/uploads\\\/2016\\\/12\\\/PKPS-Logo-1.jpg\",\"contentUrl\":\"https:\\\/\\\/pkps.org.pl\\\/wp-content\\\/uploads\\\/2016\\\/12\\\/PKPS-Logo-1.jpg\",\"width\":299,\"height\":408,\"caption\":\"Polski Komitet Pomocy Spo\u0142ecznej\"},\"image\":{\"@id\":\"https:\\\/\\\/pkps.org.pl\\\/#\\\/schema\\\/logo\\\/image\\\/\"}}]}<\/script>\n<!-- \/ Yoast SEO plugin. -->","yoast_head_json":{"title":"Dzienny Dom Pobytu i \u015bwiadczenie us\u0142ug spo\u0142ecznych - Polski Komitet Pomocy Spo\u0142ecznej","robots":{"index":"index","follow":"follow","max-snippet":"max-snippet:-1","max-image-preview":"max-image-preview:large","max-video-preview":"max-video-preview:-1"},"canonical":"https:\/\/pkps.org.pl\/?page_id=1753","og_locale":"pl_PL","og_type":"article","og_title":"Dzienny Dom Pobytu i \u015bwiadczenie us\u0142ug spo\u0142ecznych - Polski Komitet Pomocy Spo\u0142ecznej","og_description":"\u201eUruchomienie Dziennego Domu Pobytu i \u015bwiadczenie us\u0142ug spo\u0142ecznych&nbsp; w lokalnej spo\u0142eczno\u015bci dla mieszka\u0144c\u00f3w 60+ powiatu&nbsp; pruszkowskiego i grodziskiego\u201d Projekt realizowany przez Polski Komitet Pomocy Spo\u0142ecznej dzi\u0119ki dofinansowaniu przez Uni\u0119 Europejsk\u0105 w ramach Europejskiego Funduszu Spo\u0142ecznego oraz bud\u017cetu pa\u0144stwa w ramach Regionalnego Programu Operacyjnego Wojew\u00f3dztwa Mazowieckiego na lata 2014-2020, O\u015b priorytetowa IX Wspieranie w\u0142\u0105czenia spo\u0142ecznego i [&hellip;]","og_url":"https:\/\/pkps.org.pl\/?page_id=1753","og_site_name":"Polski Komitet Pomocy Spo\u0142ecznej","article_modified_time":"2023-03-17T12:22:51+00:00","og_image":[{"url":"https:\/\/pkps.org.pl\/wp-content\/uploads\/2022\/01\/Zrzut-ekranu-2022-01-7-o-11.57.57.png","type":"","width":"","height":""}],"twitter_card":"summary_large_image","twitter_misc":{"Szacowany czas czytania":"4 minuty"},"schema":{"@context":"https:\/\/schema.org","@graph":[{"@type":"WebPage","@id":"https:\/\/pkps.org.pl\/?page_id=1753","url":"https:\/\/pkps.org.pl\/?page_id=1753","name":"Dzienny Dom Pobytu i \u015bwiadczenie us\u0142ug spo\u0142ecznych - Polski Komitet Pomocy Spo\u0142ecznej","isPartOf":{"@id":"https:\/\/pkps.org.pl\/#website"},"primaryImageOfPage":{"@id":"https:\/\/pkps.org.pl\/?page_id=1753#primaryimage"},"image":{"@id":"https:\/\/pkps.org.pl\/?page_id=1753#primaryimage"},"thumbnailUrl":"https:\/\/pkps.org.pl\/wp-content\/uploads\/2022\/01\/Zrzut-ekranu-2022-01-7-o-11.57.57.png","datePublished":"2022-01-07T08:42:54+00:00","dateModified":"2023-03-17T12:22:51+00:00","breadcrumb":{"@id":"https:\/\/pkps.org.pl\/?page_id=1753#breadcrumb"},"inLanguage":"pl-PL","potentialAction":[{"@type":"ReadAction","target":["https:\/\/pkps.org.pl\/?page_id=1753"]}]},{"@type":"ImageObject","inLanguage":"pl-PL","@id":"https:\/\/pkps.org.pl\/?page_id=1753#primaryimage","url":"https:\/\/pkps.org.pl\/wp-content\/uploads\/2022\/01\/Zrzut-ekranu-2022-01-7-o-11.57.57.png","contentUrl":"https:\/\/pkps.org.pl\/wp-content\/uploads\/2022\/01\/Zrzut-ekranu-2022-01-7-o-11.57.57.png","width":828,"height":70},{"@type":"BreadcrumbList","@id":"https:\/\/pkps.org.pl\/?page_id=1753#breadcrumb","itemListElement":[{"@type":"ListItem","position":1,"name":"Strona g\u0142\u00f3wna","item":"https:\/\/pkps.org.pl\/"},{"@type":"ListItem","position":2,"name":"Dzienny Dom Pobytu i \u015bwiadczenie us\u0142ug spo\u0142ecznych"}]},{"@type":"WebSite","@id":"https:\/\/pkps.org.pl\/#website","url":"https:\/\/pkps.org.pl\/","name":"Polski Komitet Pomocy Spo\u0142ecznej","description":"Strona Polskiego Komitetu Pomocy Spo\u0142ecznej","publisher":{"@id":"https:\/\/pkps.org.pl\/#organization"},"potentialAction":[{"@type":"SearchAction","target":{"@type":"EntryPoint","urlTemplate":"https:\/\/pkps.org.pl\/?s={search_term_string}"},"query-input":{"@type":"PropertyValueSpecification","valueRequired":true,"valueName":"search_term_string"}}],"inLanguage":"pl-PL"},{"@type":"Organization","@id":"https:\/\/pkps.org.pl\/#organization","name":"Polski Komitet Pomocy Spo\u0142ecznej","url":"https:\/\/pkps.org.pl\/","logo":{"@type":"ImageObject","inLanguage":"pl-PL","@id":"https:\/\/pkps.org.pl\/#\/schema\/logo\/image\/","url":"https:\/\/pkps.org.pl\/wp-content\/uploads\/2016\/12\/PKPS-Logo-1.jpg","contentUrl":"https:\/\/pkps.org.pl\/wp-content\/uploads\/2016\/12\/PKPS-Logo-1.jpg","width":299,"height":408,"caption":"Polski Komitet Pomocy Spo\u0142ecznej"},"image":{"@id":"https:\/\/pkps.org.pl\/#\/schema\/logo\/image\/"}}]}},"_links":{"self":[{"href":"https:\/\/pkps.org.pl\/index.php?rest_route=\/wp\/v2\/pages\/1753","targetHints":{"allow":["GET"]}}],"collection":[{"href":"https:\/\/pkps.org.pl\/index.php?rest_route=\/wp\/v2\/pages"}],"about":[{"href":"https:\/\/pkps.org.pl\/index.php?rest_route=\/wp\/v2\/types\/page"}],"author":[{"embeddable":true,"href":"https:\/\/pkps.org.pl\/index.php?rest_route=\/wp\/v2\/users\/3"}],"replies":[{"embeddable":true,"href":"https:\/\/pkps.org.pl\/index.php?rest_route=%2Fwp%2Fv2%2Fcomments&post=1753"}],"version-history":[{"count":27,"href":"https:\/\/pkps.org.pl\/index.php?rest_route=\/wp\/v2\/pages\/1753\/revisions"}],"predecessor-version":[{"id":2229,"href":"https:\/\/pkps.org.pl\/index.php?rest_route=\/wp\/v2\/pages\/1753\/revisions\/2229"}],"wp:attachment":[{"href":"https:\/\/pkps.org.pl\/index.php?rest_route=%2Fwp%2Fv2%2Fmedia&parent=1753"}],"curies":[{"name":"wp","href":"https:\/\/api.w.org\/{rel}","templated":true}]}}