{"id":2118,"date":"2023-02-01T15:13:52","date_gmt":"2023-02-01T15:13:52","guid":{"rendered":"https:\/\/pkps.org.pl\/?page_id=2118"},"modified":"2023-02-01T15:18:31","modified_gmt":"2023-02-01T15:18:31","slug":"miedzynarodowe-organizacje-odwiedzaja-pkps-w-warszawie","status":"publish","type":"page","link":"https:\/\/pkps.org.pl\/?page_id=2118","title":{"rendered":"Mi\u0119dzynarodowe organizacje odwiedzaj\u0105 PKPS w Warszawie"},"content":{"rendered":"\t\t<div data-elementor-type=\"wp-page\" data-elementor-id=\"2118\" class=\"elementor elementor-2118\">\n\t\t\t\t\t\t<section class=\"elementor-section elementor-top-section elementor-element elementor-element-348bcde elementor-section-boxed elementor-section-height-default elementor-section-height-default\" data-id=\"348bcde\" data-element_type=\"section\" data-e-type=\"section\">\n\t\t\t\t\t\t<div class=\"elementor-container elementor-column-gap-default\">\n\t\t\t\t\t<div class=\"elementor-column elementor-col-50 elementor-top-column elementor-element elementor-element-c6bc530\" data-id=\"c6bc530\" data-element_type=\"column\" data-e-type=\"column\">\n\t\t\t<div class=\"elementor-widget-wrap elementor-element-populated\">\n\t\t\t\t\t\t<div class=\"elementor-element elementor-element-387d9e8 elementor-widget elementor-widget-image-gallery\" data-id=\"387d9e8\" data-element_type=\"widget\" data-e-type=\"widget\" data-widget_type=\"image-gallery.default\">\n\t\t\t\t<div class=\"elementor-widget-container\">\n\t\t\t\t\t\t\t<div class=\"elementor-image-gallery\">\n\t\t\t<div id='custom-gallery gallery-2118' class='gallery galleryid-2118 gallery-columns-1'>\n<dl class='gallery-item gallery-columns-1'><a href=\"https:\/\/pkps.org.pl\/wp-content\/uploads\/2023\/02\/IMG_1774-scaled.jpeg\" rel='post-2118' class=\"fancybox\" title=''>\n<div class='gallery-item-thumb'><img decoding=\"async\" src=\"https:\/\/pkps.org.pl\/wp-content\/uploads\/2023\/02\/IMG_1774-scaled.jpeg\" alt='' \/><\/div>\n<div class='wp-caption-text'><\/div><\/a>\n<\/dl><dl class='gallery-item gallery-columns-1'><a href=\"https:\/\/pkps.org.pl\/wp-content\/uploads\/2023\/02\/IMG_1776-scaled.jpeg\" rel='post-2118' class=\"fancybox\" title=''>\n<div class='gallery-item-thumb'><img decoding=\"async\" src=\"https:\/\/pkps.org.pl\/wp-content\/uploads\/2023\/02\/IMG_1776-scaled.jpeg\" alt='' \/><\/div>\n<div class='wp-caption-text'><\/div><\/a>\n<\/dl><dl class='gallery-item gallery-columns-1'><a href=\"https:\/\/pkps.org.pl\/wp-content\/uploads\/2023\/02\/IMG_1775-scaled.jpeg\" rel='post-2118' class=\"fancybox\" title=''>\n<div class='gallery-item-thumb'><img decoding=\"async\" src=\"https:\/\/pkps.org.pl\/wp-content\/uploads\/2023\/02\/IMG_1775-scaled.jpeg\" alt='' \/><\/div>\n<div class='wp-caption-text'><\/div><\/a>\n<\/dl><\/div>\n\t\t<\/div>\n\t\t\t\t\t\t<\/div>\n\t\t\t\t<\/div>\n\t\t\t\t\t<\/div>\n\t\t<\/div>\n\t\t\t\t<div class=\"elementor-column elementor-col-50 elementor-top-column elementor-element elementor-element-3fd1738\" data-id=\"3fd1738\" data-element_type=\"column\" data-e-type=\"column\">\n\t\t\t<div class=\"elementor-widget-wrap elementor-element-populated\">\n\t\t\t\t\t\t<div class=\"elementor-element elementor-element-fad4b80 elementor-widget elementor-widget-text-editor\" data-id=\"fad4b80\" data-element_type=\"widget\" data-e-type=\"widget\" data-widget_type=\"text-editor.default\">\n\t\t\t\t<div class=\"elementor-widget-container\">\n\t\t\t\t\t\t\t\t\t<p style=\"caret-color: #000000; color: #000000; font-style: normal; font-variant-caps: normal;\">W tym tygodniu (29-31.02.2023) PKPS mia\u0142 przyjemno\u015b\u0107 by\u0107 gospodarzem niecodziennego spotkania. Do Warszawy przyjecha\u0142y organizacje charytatywne z kilku europejskich i jednego pozaeuropejskiego kraju, kt\u00f3re \u2013 tak jak my \u2013 wsp\u00f3\u0142pracuj\u0105 z francusk\u0105 organizacj\u0105 Secours populaire francais oraz s\u0105 zaanga\u017cowane w pomoc Ukrainie i\/lub uchod\u017acom z Ukrainy. Poza Secours populare francais, z kt\u00f3rym wsp\u00f3\u0142pracujemy ju\u017c od wielu miesi\u0119cy, go\u015bcili\u015bmy r\u00f3wnie\u017c w\u0142osk\u0105 organizacj\u0119 Arci Solidarieta, mo\u0142dawskie MilleniuM, rumu\u0144sk\u0105 organizacj\u0119 Magic, ukrai\u0144sk\u0105 Four Leaf Clover oraz liba\u0144sk\u0105 DPNA.<\/p><p style=\"caret-color: #000000; color: #000000; font-style: normal; font-variant-caps: normal;\">Celem spotkania zainicjowanego przez Spf jest stworzenie mi\u0119dzynarodowej sieci organizacji charytatywnych, kt\u00f3re b\u0119d\u0105 w stanie wsp\u00f3lnie prowadzi\u0107 dzia\u0142ania pomocowe zar\u00f3wno w kontek\u015bcie bie\u017c\u0105cej sytuacji w Ukrainie, jak i w innych kryzysowych sytuacjach w przysz\u0142o\u015bci.<\/p><p style=\"caret-color: #000000; color: #000000; font-style: normal; font-variant-caps: normal;\">Spotkanie odby\u0142o si\u0119 w poniedzia\u0142ek o\u015brodku PKPS w Milan\u00f3wku. Uczestnicy wymieniali si\u0119 do\u015bwiadczeniami ze swojej dotychczasowej pracy i omawiali potencjalne rozwi\u0105zania. Jednym z istotnych problem\u00f3w jest pozyskiwanie finansowania na projekty pomocowe. Jako konsorcjum kilku organizacji mieliby\u015bmy wi\u0119ksze szanse na pozyskanie funduszy z Unii Europejskiej.<\/p><p style=\"caret-color: #000000; color: #000000; font-style: normal; font-variant-caps: normal;\">We wtorek go\u015bcie odwiedzili noclegowni\u0119 przy ul. Polskiej, gdzie zostali przyj\u0119ci przez kierownictwo, pracownik\u00f3w oraz beneficjent\u00f3w Centrum Pomocy.<\/p><p style=\"caret-color: #000000; color: #000000; font-style: normal; font-variant-caps: normal;\">By\u0142o to drugie z serii spotka\u0144, kt\u00f3re, mamy nadziej\u0119, zaowocuj\u0105 efektywn\u0105 wsp\u00f3\u0142prac\u0105.<\/p>\t\t\t\t\t\t\t\t<\/div>\n\t\t\t\t<\/div>\n\t\t\t\t\t<\/div>\n\t\t<\/div>\n\t\t\t\t\t<\/div>\n\t\t<\/section>\n\t\t\t\t<\/div>\n\t\t","protected":false},"excerpt":{"rendered":"<p>W tym tygodniu (29-31.02.2023) PKPS mia\u0142 przyjemno\u015b\u0107 by\u0107 gospodarzem niecodziennego spotkania. Do Warszawy przyjecha\u0142y organizacje charytatywne z kilku europejskich i jednego pozaeuropejskiego kraju, kt\u00f3re \u2013 tak jak my \u2013 wsp\u00f3\u0142pracuj\u0105 z francusk\u0105 organizacj\u0105 Secours populaire francais oraz s\u0105 zaanga\u017cowane w pomoc Ukrainie i\/lub uchod\u017acom z Ukrainy. Poza Secours populare francais, z kt\u00f3rym wsp\u00f3\u0142pracujemy ju\u017c od [&hellip;]<\/p>\n","protected":false},"author":1,"featured_media":0,"parent":0,"menu_order":0,"comment_status":"closed","ping_status":"closed","template":"","meta":{"footnotes":"","_links_to":"","_links_to_target":""},"class_list":["post-2118","page","type-page","status-publish","hentry"],"yoast_head":"<!-- This site is optimized with the Yoast SEO plugin v27.4 - https:\/\/yoast.com\/product\/yoast-seo-wordpress\/ -->\n<title>Mi\u0119dzynarodowe organizacje odwiedzaj\u0105 PKPS w Warszawie - Polski Komitet Pomocy Spo\u0142ecznej<\/title>\n<meta name=\"robots\" content=\"index, follow, max-snippet:-1, max-image-preview:large, max-video-preview:-1\" \/>\n<link rel=\"canonical\" href=\"https:\/\/pkps.org.pl\/?page_id=2118\" \/>\n<meta property=\"og:locale\" content=\"pl_PL\" \/>\n<meta property=\"og:type\" content=\"article\" \/>\n<meta property=\"og:title\" content=\"Mi\u0119dzynarodowe organizacje odwiedzaj\u0105 PKPS w Warszawie - Polski Komitet Pomocy Spo\u0142ecznej\" \/>\n<meta property=\"og:description\" content=\"W tym tygodniu (29-31.02.2023) PKPS mia\u0142 przyjemno\u015b\u0107 by\u0107 gospodarzem niecodziennego spotkania. Do Warszawy przyjecha\u0142y organizacje charytatywne z kilku europejskich i jednego pozaeuropejskiego kraju, kt\u00f3re \u2013 tak jak my \u2013 wsp\u00f3\u0142pracuj\u0105 z francusk\u0105 organizacj\u0105 Secours populaire francais oraz s\u0105 zaanga\u017cowane w pomoc Ukrainie i\/lub uchod\u017acom z Ukrainy. Poza Secours populare francais, z kt\u00f3rym wsp\u00f3\u0142pracujemy ju\u017c od [&hellip;]\" \/>\n<meta property=\"og:url\" content=\"https:\/\/pkps.org.pl\/?page_id=2118\" \/>\n<meta property=\"og:site_name\" content=\"Polski Komitet Pomocy Spo\u0142ecznej\" \/>\n<meta property=\"article:modified_time\" content=\"2023-02-01T15:18:31+00:00\" \/>\n<meta property=\"og:image\" content=\"https:\/\/pkps.org.pl\/wp-content\/uploads\/2023\/02\/IMG_1774-scaled.jpeg\" \/>\n<meta name=\"twitter:card\" content=\"summary_large_image\" \/>\n<meta name=\"twitter:label1\" content=\"Szacowany czas czytania\" \/>\n\t<meta name=\"twitter:data1\" content=\"2 minuty\" \/>\n<script type=\"application\/ld+json\" class=\"yoast-schema-graph\">{\"@context\":\"https:\\\/\\\/schema.org\",\"@graph\":[{\"@type\":\"WebPage\",\"@id\":\"https:\\\/\\\/pkps.org.pl\\\/?page_id=2118\",\"url\":\"https:\\\/\\\/pkps.org.pl\\\/?page_id=2118\",\"name\":\"Mi\u0119dzynarodowe organizacje odwiedzaj\u0105 PKPS w Warszawie - Polski Komitet Pomocy Spo\u0142ecznej\",\"isPartOf\":{\"@id\":\"https:\\\/\\\/pkps.org.pl\\\/#website\"},\"primaryImageOfPage\":{\"@id\":\"https:\\\/\\\/pkps.org.pl\\\/?page_id=2118#primaryimage\"},\"image\":{\"@id\":\"https:\\\/\\\/pkps.org.pl\\\/?page_id=2118#primaryimage\"},\"thumbnailUrl\":\"https:\\\/\\\/pkps.org.pl\\\/wp-content\\\/uploads\\\/2023\\\/02\\\/IMG_1774-scaled.jpeg\",\"datePublished\":\"2023-02-01T15:13:52+00:00\",\"dateModified\":\"2023-02-01T15:18:31+00:00\",\"breadcrumb\":{\"@id\":\"https:\\\/\\\/pkps.org.pl\\\/?page_id=2118#breadcrumb\"},\"inLanguage\":\"pl-PL\",\"potentialAction\":[{\"@type\":\"ReadAction\",\"target\":[\"https:\\\/\\\/pkps.org.pl\\\/?page_id=2118\"]}]},{\"@type\":\"ImageObject\",\"inLanguage\":\"pl-PL\",\"@id\":\"https:\\\/\\\/pkps.org.pl\\\/?page_id=2118#primaryimage\",\"url\":\"https:\\\/\\\/pkps.org.pl\\\/wp-content\\\/uploads\\\/2023\\\/02\\\/IMG_1774-scaled.jpeg\",\"contentUrl\":\"https:\\\/\\\/pkps.org.pl\\\/wp-content\\\/uploads\\\/2023\\\/02\\\/IMG_1774-scaled.jpeg\",\"width\":2560,\"height\":1775},{\"@type\":\"BreadcrumbList\",\"@id\":\"https:\\\/\\\/pkps.org.pl\\\/?page_id=2118#breadcrumb\",\"itemListElement\":[{\"@type\":\"ListItem\",\"position\":1,\"name\":\"Strona g\u0142\u00f3wna\",\"item\":\"https:\\\/\\\/pkps.org.pl\\\/\"},{\"@type\":\"ListItem\",\"position\":2,\"name\":\"Mi\u0119dzynarodowe organizacje odwiedzaj\u0105 PKPS w Warszawie\"}]},{\"@type\":\"WebSite\",\"@id\":\"https:\\\/\\\/pkps.org.pl\\\/#website\",\"url\":\"https:\\\/\\\/pkps.org.pl\\\/\",\"name\":\"Polski Komitet Pomocy Spo\u0142ecznej\",\"description\":\"Strona Polskiego Komitetu Pomocy Spo\u0142ecznej\",\"publisher\":{\"@id\":\"https:\\\/\\\/pkps.org.pl\\\/#organization\"},\"potentialAction\":[{\"@type\":\"SearchAction\",\"target\":{\"@type\":\"EntryPoint\",\"urlTemplate\":\"https:\\\/\\\/pkps.org.pl\\\/?s={search_term_string}\"},\"query-input\":{\"@type\":\"PropertyValueSpecification\",\"valueRequired\":true,\"valueName\":\"search_term_string\"}}],\"inLanguage\":\"pl-PL\"},{\"@type\":\"Organization\",\"@id\":\"https:\\\/\\\/pkps.org.pl\\\/#organization\",\"name\":\"Polski Komitet Pomocy Spo\u0142ecznej\",\"url\":\"https:\\\/\\\/pkps.org.pl\\\/\",\"logo\":{\"@type\":\"ImageObject\",\"inLanguage\":\"pl-PL\",\"@id\":\"https:\\\/\\\/pkps.org.pl\\\/#\\\/schema\\\/logo\\\/image\\\/\",\"url\":\"https:\\\/\\\/pkps.org.pl\\\/wp-content\\\/uploads\\\/2016\\\/12\\\/PKPS-Logo-1.jpg\",\"contentUrl\":\"https:\\\/\\\/pkps.org.pl\\\/wp-content\\\/uploads\\\/2016\\\/12\\\/PKPS-Logo-1.jpg\",\"width\":299,\"height\":408,\"caption\":\"Polski Komitet Pomocy Spo\u0142ecznej\"},\"image\":{\"@id\":\"https:\\\/\\\/pkps.org.pl\\\/#\\\/schema\\\/logo\\\/image\\\/\"}}]}<\/script>\n<!-- \/ Yoast SEO plugin. -->","yoast_head_json":{"title":"Mi\u0119dzynarodowe organizacje odwiedzaj\u0105 PKPS w Warszawie - Polski Komitet Pomocy Spo\u0142ecznej","robots":{"index":"index","follow":"follow","max-snippet":"max-snippet:-1","max-image-preview":"max-image-preview:large","max-video-preview":"max-video-preview:-1"},"canonical":"https:\/\/pkps.org.pl\/?page_id=2118","og_locale":"pl_PL","og_type":"article","og_title":"Mi\u0119dzynarodowe organizacje odwiedzaj\u0105 PKPS w Warszawie - Polski Komitet Pomocy Spo\u0142ecznej","og_description":"W tym tygodniu (29-31.02.2023) PKPS mia\u0142 przyjemno\u015b\u0107 by\u0107 gospodarzem niecodziennego spotkania. Do Warszawy przyjecha\u0142y organizacje charytatywne z kilku europejskich i jednego pozaeuropejskiego kraju, kt\u00f3re \u2013 tak jak my \u2013 wsp\u00f3\u0142pracuj\u0105 z francusk\u0105 organizacj\u0105 Secours populaire francais oraz s\u0105 zaanga\u017cowane w pomoc Ukrainie i\/lub uchod\u017acom z Ukrainy. Poza Secours populare francais, z kt\u00f3rym wsp\u00f3\u0142pracujemy ju\u017c od [&hellip;]","og_url":"https:\/\/pkps.org.pl\/?page_id=2118","og_site_name":"Polski Komitet Pomocy Spo\u0142ecznej","article_modified_time":"2023-02-01T15:18:31+00:00","og_image":[{"url":"https:\/\/pkps.org.pl\/wp-content\/uploads\/2023\/02\/IMG_1774-scaled.jpeg","type":"","width":"","height":""}],"twitter_card":"summary_large_image","twitter_misc":{"Szacowany czas czytania":"2 minuty"},"schema":{"@context":"https:\/\/schema.org","@graph":[{"@type":"WebPage","@id":"https:\/\/pkps.org.pl\/?page_id=2118","url":"https:\/\/pkps.org.pl\/?page_id=2118","name":"Mi\u0119dzynarodowe organizacje odwiedzaj\u0105 PKPS w Warszawie - Polski Komitet Pomocy Spo\u0142ecznej","isPartOf":{"@id":"https:\/\/pkps.org.pl\/#website"},"primaryImageOfPage":{"@id":"https:\/\/pkps.org.pl\/?page_id=2118#primaryimage"},"image":{"@id":"https:\/\/pkps.org.pl\/?page_id=2118#primaryimage"},"thumbnailUrl":"https:\/\/pkps.org.pl\/wp-content\/uploads\/2023\/02\/IMG_1774-scaled.jpeg","datePublished":"2023-02-01T15:13:52+00:00","dateModified":"2023-02-01T15:18:31+00:00","breadcrumb":{"@id":"https:\/\/pkps.org.pl\/?page_id=2118#breadcrumb"},"inLanguage":"pl-PL","potentialAction":[{"@type":"ReadAction","target":["https:\/\/pkps.org.pl\/?page_id=2118"]}]},{"@type":"ImageObject","inLanguage":"pl-PL","@id":"https:\/\/pkps.org.pl\/?page_id=2118#primaryimage","url":"https:\/\/pkps.org.pl\/wp-content\/uploads\/2023\/02\/IMG_1774-scaled.jpeg","contentUrl":"https:\/\/pkps.org.pl\/wp-content\/uploads\/2023\/02\/IMG_1774-scaled.jpeg","width":2560,"height":1775},{"@type":"BreadcrumbList","@id":"https:\/\/pkps.org.pl\/?page_id=2118#breadcrumb","itemListElement":[{"@type":"ListItem","position":1,"name":"Strona g\u0142\u00f3wna","item":"https:\/\/pkps.org.pl\/"},{"@type":"ListItem","position":2,"name":"Mi\u0119dzynarodowe organizacje odwiedzaj\u0105 PKPS w Warszawie"}]},{"@type":"WebSite","@id":"https:\/\/pkps.org.pl\/#website","url":"https:\/\/pkps.org.pl\/","name":"Polski Komitet Pomocy Spo\u0142ecznej","description":"Strona Polskiego Komitetu Pomocy Spo\u0142ecznej","publisher":{"@id":"https:\/\/pkps.org.pl\/#organization"},"potentialAction":[{"@type":"SearchAction","target":{"@type":"EntryPoint","urlTemplate":"https:\/\/pkps.org.pl\/?s={search_term_string}"},"query-input":{"@type":"PropertyValueSpecification","valueRequired":true,"valueName":"search_term_string"}}],"inLanguage":"pl-PL"},{"@type":"Organization","@id":"https:\/\/pkps.org.pl\/#organization","name":"Polski Komitet Pomocy Spo\u0142ecznej","url":"https:\/\/pkps.org.pl\/","logo":{"@type":"ImageObject","inLanguage":"pl-PL","@id":"https:\/\/pkps.org.pl\/#\/schema\/logo\/image\/","url":"https:\/\/pkps.org.pl\/wp-content\/uploads\/2016\/12\/PKPS-Logo-1.jpg","contentUrl":"https:\/\/pkps.org.pl\/wp-content\/uploads\/2016\/12\/PKPS-Logo-1.jpg","width":299,"height":408,"caption":"Polski Komitet Pomocy Spo\u0142ecznej"},"image":{"@id":"https:\/\/pkps.org.pl\/#\/schema\/logo\/image\/"}}]}},"_links":{"self":[{"href":"https:\/\/pkps.org.pl\/index.php?rest_route=\/wp\/v2\/pages\/2118","targetHints":{"allow":["GET"]}}],"collection":[{"href":"https:\/\/pkps.org.pl\/index.php?rest_route=\/wp\/v2\/pages"}],"about":[{"href":"https:\/\/pkps.org.pl\/index.php?rest_route=\/wp\/v2\/types\/page"}],"author":[{"embeddable":true,"href":"https:\/\/pkps.org.pl\/index.php?rest_route=\/wp\/v2\/users\/1"}],"replies":[{"embeddable":true,"href":"https:\/\/pkps.org.pl\/index.php?rest_route=%2Fwp%2Fv2%2Fcomments&post=2118"}],"version-history":[{"count":9,"href":"https:\/\/pkps.org.pl\/index.php?rest_route=\/wp\/v2\/pages\/2118\/revisions"}],"predecessor-version":[{"id":2130,"href":"https:\/\/pkps.org.pl\/index.php?rest_route=\/wp\/v2\/pages\/2118\/revisions\/2130"}],"wp:attachment":[{"href":"https:\/\/pkps.org.pl\/index.php?rest_route=%2Fwp%2Fv2%2Fmedia&parent=2118"}],"curies":[{"name":"wp","href":"https:\/\/api.w.org\/{rel}","templated":true}]}}