{"id":2485,"date":"2024-04-22T14:03:40","date_gmt":"2024-04-22T14:03:40","guid":{"rendered":"https:\/\/pkps.org.pl\/?page_id=2485"},"modified":"2024-04-23T10:40:44","modified_gmt":"2024-04-23T10:40:44","slug":"pkps-zaprasza-do-skorzystania-z-uslug-w-ramach-trwalosci-projektu-uruchomienie-dziennego-domu-pobytu","status":"publish","type":"page","link":"https:\/\/pkps.org.pl\/?page_id=2485","title":{"rendered":"PKPS  zaprasza do skorzystania z us\u0142ug w ramach trwa\u0142o\u015bci projektu Uruchomienie Dziennego Domu Pobytu"},"content":{"rendered":"<div>Polski Komitet Pomocy Spo\u0142ecznej serdecznie zaprasza do skorzystania z odp\u0142atnych us\u0142ug w ramach trwa\u0142o\u015bci projektu pn. Uruchomienie Dziennego Domu Pobytu i \u015bwiadczenie us\u0142ug spo\u0142ecznych w lokalnej spo\u0142eczno\u015bci dla mieszka\u0144c\u00f3w 60+ powiatu pruszkowskiego i grodziskiego RPMA.09.02.01-14-c800\/19-02.<\/div>\n<div><\/div>\n<div>\n<p><em>Odbiorcy dzia\u0142a\u0144 projektowych<\/em><\/p>\n<ol>\n<li>Osoby niesamodzielne w wieku 60+, kt\u00f3re:<\/li>\n<\/ol>\n<ul>\n<li>na skutek stanu zdrowia lub podesz\u0142ego wieku nie mog\u0105 samodzielnie wykonywa\u0107 co najmniej jednej z podstawowych czynno\u015bci dnia codziennego ( np.: ubieranie, przygotowywanie posi\u0142k\u00f3w, jedzenie itp.),<\/li>\n<li>zamieszkuj\u0105 na terenie powiatu grodziskiego lub pruszkowskiego,<\/li>\n<li>nie korzystaj\u0105 z us\u0142ug opieku\u0144czych z pomocy spo\u0142ecznej lub finansowanych z innych projekt\u00f3w Europejskiego Funduszu Spo\u0142ecznego (EFS);<\/li>\n<\/ul>\n<ol start=\"2\">\n<li>Opiekunowie os\u00f3b niesamodzielnych.<\/li>\n<\/ol>\n<p><em>Rodzaj udzielanego wsparcia w ramach projektu:<\/em><\/p>\n<ol>\n<li>Us\u0142ugi opieku\u0144cze realizowane w miejscu zamieszkania osoby niesamodzielnej, w tym:<\/li>\n<\/ol>\n<ul>\n<li>us\u0142ugi opieku\u0144cze,<\/li>\n<li>specjalistyczne us\u0142ugi opieku\u0144cze realizowane przez: pracownika socjalnego, piel\u0119gniark\u0119, fizjoterapeut\u0119.<\/li>\n<\/ul>\n<ol start=\"2\">\n<li>Pobyt w Dziennym Domu Pobytu, w tym:<\/li>\n<\/ol>\n<ul>\n<li>us\u0142ugi opieku\u0144cze,<\/li>\n<li>specjalistyczne us\u0142ugi opieku\u0144cze realizowane przez: pracownika socjalnego, piel\u0119gniark\u0119, fizjoterapeut\u0119, psychologa;<\/li>\n<li>terapi\u0119 zaj\u0119ciow\u0105: terapi\u0119 sensoryczn\u0105, muzykoterapi\u0119, warsztaty r\u0119kodzie\u0142a artystycznego, zaj\u0119cia integracyjno-kulturalne, seanse filmowe, spotkania literackie;<\/li>\n<li>wy\u017cywienie: dwudaniowy obiad, kawa, herbata;<\/li>\n<li>transport do DDP i z powrotem.<\/li>\n<\/ul>\n<ol start=\"3\">\n<li>Warsztaty wzmacniaj\u0105ce kompetencje opiekun\u00f3w faktycznych w zakresie piel\u0119gnacji os\u00f3b niesamodzielnych.<\/li>\n<li>Poradnictwo psychologiczne i socjalne dla opiekun\u00f3w faktycznych os\u00f3b niesamodzielnych.<\/li>\n<\/ol>\n<p><u>Wi\u0119cej informacji<\/u>: tel. 501\u00a0384\u00a0059 \u00a0lub w biurze projektu: Dzienny Dom Pobytu PKPS Milan\u00f3wek, ul. Ko\u015bciuszki 116<\/p>\n<blockquote>\n<div>\n<div>\n<p>Obecna liczba w programie miejsc \u015bwiadczenia us\u0142ug asystenckich i opieku\u0144czych: 33<\/p>\n<p>Obecna liczba wspartych w programie miejsc \u015bwiadczenia us\u0142ug spo\u0142ecznych istniej\u0105cych: 34<\/p>\n<\/div>\n<\/div>\n<\/blockquote>\n<div>\n<div class=\"wp-block-image\"><img decoding=\"async\" class=\"alignnone size-large wp-image-2491 aligncenter\" src=\"https:\/\/pkps.org.pl\/wp-content\/uploads\/2024\/04\/logotyp-fundusze-europejskie-1024x121.png\" alt=\"\" width=\"634\" height=\"75\" srcset=\"https:\/\/pkps.org.pl\/wp-content\/uploads\/2024\/04\/logotyp-fundusze-europejskie-1024x121.png 1024w, https:\/\/pkps.org.pl\/wp-content\/uploads\/2024\/04\/logotyp-fundusze-europejskie-300x35.png 300w, https:\/\/pkps.org.pl\/wp-content\/uploads\/2024\/04\/logotyp-fundusze-europejskie-768x91.png 768w, https:\/\/pkps.org.pl\/wp-content\/uploads\/2024\/04\/logotyp-fundusze-europejskie-1536x181.png 1536w, https:\/\/pkps.org.pl\/wp-content\/uploads\/2024\/04\/logotyp-fundusze-europejskie-2048x242.png 2048w\" sizes=\"(max-width: 634px) 100vw, 634px\" \/><\/div>\n<\/div>\n<\/div>\n","protected":false},"excerpt":{"rendered":"<p>Polski Komitet Pomocy Spo\u0142ecznej serdecznie zaprasza do skorzystania z odp\u0142atnych us\u0142ug w ramach trwa\u0142o\u015bci projektu pn. Uruchomienie Dziennego Domu Pobytu i \u015bwiadczenie us\u0142ug spo\u0142ecznych w lokalnej spo\u0142eczno\u015bci dla mieszka\u0144c\u00f3w 60+ powiatu pruszkowskiego i grodziskiego RPMA.09.02.01-14-c800\/19-02. Odbiorcy dzia\u0142a\u0144 projektowych Osoby niesamodzielne w wieku 60+, kt\u00f3re: na skutek stanu zdrowia lub podesz\u0142ego wieku nie mog\u0105 samodzielnie wykonywa\u0107 [&hellip;]<\/p>\n","protected":false},"author":3,"featured_media":0,"parent":0,"menu_order":0,"comment_status":"closed","ping_status":"closed","template":"","meta":{"footnotes":"","_links_to":"","_links_to_target":""},"class_list":["post-2485","page","type-page","status-publish","hentry"],"yoast_head":"<!-- This site is optimized with the Yoast SEO plugin v27.4 - https:\/\/yoast.com\/product\/yoast-seo-wordpress\/ -->\n<title>PKPS zaprasza do skorzystania z us\u0142ug w ramach trwa\u0142o\u015bci projektu Uruchomienie Dziennego Domu Pobytu - Polski Komitet Pomocy Spo\u0142ecznej<\/title>\n<meta name=\"robots\" content=\"index, follow, max-snippet:-1, max-image-preview:large, max-video-preview:-1\" \/>\n<link rel=\"canonical\" href=\"https:\/\/pkps.org.pl\/?page_id=2485\" \/>\n<meta property=\"og:locale\" content=\"pl_PL\" \/>\n<meta property=\"og:type\" content=\"article\" \/>\n<meta property=\"og:title\" content=\"PKPS zaprasza do skorzystania z us\u0142ug w ramach trwa\u0142o\u015bci projektu Uruchomienie Dziennego Domu Pobytu - Polski Komitet Pomocy Spo\u0142ecznej\" \/>\n<meta property=\"og:description\" content=\"Polski Komitet Pomocy Spo\u0142ecznej serdecznie zaprasza do skorzystania z odp\u0142atnych us\u0142ug w ramach trwa\u0142o\u015bci projektu pn. Uruchomienie Dziennego Domu Pobytu i \u015bwiadczenie us\u0142ug spo\u0142ecznych w lokalnej spo\u0142eczno\u015bci dla mieszka\u0144c\u00f3w 60+ powiatu pruszkowskiego i grodziskiego RPMA.09.02.01-14-c800\/19-02. Odbiorcy dzia\u0142a\u0144 projektowych Osoby niesamodzielne w wieku 60+, kt\u00f3re: na skutek stanu zdrowia lub podesz\u0142ego wieku nie mog\u0105 samodzielnie wykonywa\u0107 [&hellip;]\" \/>\n<meta property=\"og:url\" content=\"https:\/\/pkps.org.pl\/?page_id=2485\" \/>\n<meta property=\"og:site_name\" content=\"Polski Komitet Pomocy Spo\u0142ecznej\" \/>\n<meta property=\"article:modified_time\" content=\"2024-04-23T10:40:44+00:00\" \/>\n<meta property=\"og:image\" content=\"https:\/\/pkps.org.pl\/wp-content\/uploads\/2024\/04\/logotyp-fundusze-europejskie-1024x121.png\" \/>\n<meta name=\"twitter:card\" content=\"summary_large_image\" \/>\n<meta name=\"twitter:label1\" content=\"Szacowany czas czytania\" \/>\n\t<meta name=\"twitter:data1\" content=\"2 minuty\" \/>\n<script type=\"application\/ld+json\" class=\"yoast-schema-graph\">{\"@context\":\"https:\\\/\\\/schema.org\",\"@graph\":[{\"@type\":\"WebPage\",\"@id\":\"https:\\\/\\\/pkps.org.pl\\\/?page_id=2485\",\"url\":\"https:\\\/\\\/pkps.org.pl\\\/?page_id=2485\",\"name\":\"PKPS zaprasza do skorzystania z us\u0142ug w ramach trwa\u0142o\u015bci projektu Uruchomienie Dziennego Domu Pobytu - Polski Komitet Pomocy Spo\u0142ecznej\",\"isPartOf\":{\"@id\":\"https:\\\/\\\/pkps.org.pl\\\/#website\"},\"primaryImageOfPage\":{\"@id\":\"https:\\\/\\\/pkps.org.pl\\\/?page_id=2485#primaryimage\"},\"image\":{\"@id\":\"https:\\\/\\\/pkps.org.pl\\\/?page_id=2485#primaryimage\"},\"thumbnailUrl\":\"https:\\\/\\\/pkps.org.pl\\\/wp-content\\\/uploads\\\/2024\\\/04\\\/logotyp-fundusze-europejskie-1024x121.png\",\"datePublished\":\"2024-04-22T14:03:40+00:00\",\"dateModified\":\"2024-04-23T10:40:44+00:00\",\"breadcrumb\":{\"@id\":\"https:\\\/\\\/pkps.org.pl\\\/?page_id=2485#breadcrumb\"},\"inLanguage\":\"pl-PL\",\"potentialAction\":[{\"@type\":\"ReadAction\",\"target\":[\"https:\\\/\\\/pkps.org.pl\\\/?page_id=2485\"]}]},{\"@type\":\"ImageObject\",\"inLanguage\":\"pl-PL\",\"@id\":\"https:\\\/\\\/pkps.org.pl\\\/?page_id=2485#primaryimage\",\"url\":\"https:\\\/\\\/pkps.org.pl\\\/wp-content\\\/uploads\\\/2024\\\/04\\\/logotyp-fundusze-europejskie.png\",\"contentUrl\":\"https:\\\/\\\/pkps.org.pl\\\/wp-content\\\/uploads\\\/2024\\\/04\\\/logotyp-fundusze-europejskie.png\",\"width\":2109,\"height\":249},{\"@type\":\"BreadcrumbList\",\"@id\":\"https:\\\/\\\/pkps.org.pl\\\/?page_id=2485#breadcrumb\",\"itemListElement\":[{\"@type\":\"ListItem\",\"position\":1,\"name\":\"Strona g\u0142\u00f3wna\",\"item\":\"https:\\\/\\\/pkps.org.pl\\\/\"},{\"@type\":\"ListItem\",\"position\":2,\"name\":\"PKPS zaprasza do skorzystania z us\u0142ug w ramach trwa\u0142o\u015bci projektu Uruchomienie Dziennego Domu Pobytu\"}]},{\"@type\":\"WebSite\",\"@id\":\"https:\\\/\\\/pkps.org.pl\\\/#website\",\"url\":\"https:\\\/\\\/pkps.org.pl\\\/\",\"name\":\"Polski Komitet Pomocy Spo\u0142ecznej\",\"description\":\"Strona Polskiego Komitetu Pomocy Spo\u0142ecznej\",\"publisher\":{\"@id\":\"https:\\\/\\\/pkps.org.pl\\\/#organization\"},\"potentialAction\":[{\"@type\":\"SearchAction\",\"target\":{\"@type\":\"EntryPoint\",\"urlTemplate\":\"https:\\\/\\\/pkps.org.pl\\\/?s={search_term_string}\"},\"query-input\":{\"@type\":\"PropertyValueSpecification\",\"valueRequired\":true,\"valueName\":\"search_term_string\"}}],\"inLanguage\":\"pl-PL\"},{\"@type\":\"Organization\",\"@id\":\"https:\\\/\\\/pkps.org.pl\\\/#organization\",\"name\":\"Polski Komitet Pomocy Spo\u0142ecznej\",\"url\":\"https:\\\/\\\/pkps.org.pl\\\/\",\"logo\":{\"@type\":\"ImageObject\",\"inLanguage\":\"pl-PL\",\"@id\":\"https:\\\/\\\/pkps.org.pl\\\/#\\\/schema\\\/logo\\\/image\\\/\",\"url\":\"https:\\\/\\\/pkps.org.pl\\\/wp-content\\\/uploads\\\/2016\\\/12\\\/PKPS-Logo-1.jpg\",\"contentUrl\":\"https:\\\/\\\/pkps.org.pl\\\/wp-content\\\/uploads\\\/2016\\\/12\\\/PKPS-Logo-1.jpg\",\"width\":299,\"height\":408,\"caption\":\"Polski Komitet Pomocy Spo\u0142ecznej\"},\"image\":{\"@id\":\"https:\\\/\\\/pkps.org.pl\\\/#\\\/schema\\\/logo\\\/image\\\/\"}}]}<\/script>\n<!-- \/ Yoast SEO plugin. -->","yoast_head_json":{"title":"PKPS zaprasza do skorzystania z us\u0142ug w ramach trwa\u0142o\u015bci projektu Uruchomienie Dziennego Domu Pobytu - Polski Komitet Pomocy Spo\u0142ecznej","robots":{"index":"index","follow":"follow","max-snippet":"max-snippet:-1","max-image-preview":"max-image-preview:large","max-video-preview":"max-video-preview:-1"},"canonical":"https:\/\/pkps.org.pl\/?page_id=2485","og_locale":"pl_PL","og_type":"article","og_title":"PKPS zaprasza do skorzystania z us\u0142ug w ramach trwa\u0142o\u015bci projektu Uruchomienie Dziennego Domu Pobytu - Polski Komitet Pomocy Spo\u0142ecznej","og_description":"Polski Komitet Pomocy Spo\u0142ecznej serdecznie zaprasza do skorzystania z odp\u0142atnych us\u0142ug w ramach trwa\u0142o\u015bci projektu pn. Uruchomienie Dziennego Domu Pobytu i \u015bwiadczenie us\u0142ug spo\u0142ecznych w lokalnej spo\u0142eczno\u015bci dla mieszka\u0144c\u00f3w 60+ powiatu pruszkowskiego i grodziskiego RPMA.09.02.01-14-c800\/19-02. Odbiorcy dzia\u0142a\u0144 projektowych Osoby niesamodzielne w wieku 60+, kt\u00f3re: na skutek stanu zdrowia lub podesz\u0142ego wieku nie mog\u0105 samodzielnie wykonywa\u0107 [&hellip;]","og_url":"https:\/\/pkps.org.pl\/?page_id=2485","og_site_name":"Polski Komitet Pomocy Spo\u0142ecznej","article_modified_time":"2024-04-23T10:40:44+00:00","og_image":[{"url":"https:\/\/pkps.org.pl\/wp-content\/uploads\/2024\/04\/logotyp-fundusze-europejskie-1024x121.png","type":"","width":"","height":""}],"twitter_card":"summary_large_image","twitter_misc":{"Szacowany czas czytania":"2 minuty"},"schema":{"@context":"https:\/\/schema.org","@graph":[{"@type":"WebPage","@id":"https:\/\/pkps.org.pl\/?page_id=2485","url":"https:\/\/pkps.org.pl\/?page_id=2485","name":"PKPS zaprasza do skorzystania z us\u0142ug w ramach trwa\u0142o\u015bci projektu Uruchomienie Dziennego Domu Pobytu - Polski Komitet Pomocy Spo\u0142ecznej","isPartOf":{"@id":"https:\/\/pkps.org.pl\/#website"},"primaryImageOfPage":{"@id":"https:\/\/pkps.org.pl\/?page_id=2485#primaryimage"},"image":{"@id":"https:\/\/pkps.org.pl\/?page_id=2485#primaryimage"},"thumbnailUrl":"https:\/\/pkps.org.pl\/wp-content\/uploads\/2024\/04\/logotyp-fundusze-europejskie-1024x121.png","datePublished":"2024-04-22T14:03:40+00:00","dateModified":"2024-04-23T10:40:44+00:00","breadcrumb":{"@id":"https:\/\/pkps.org.pl\/?page_id=2485#breadcrumb"},"inLanguage":"pl-PL","potentialAction":[{"@type":"ReadAction","target":["https:\/\/pkps.org.pl\/?page_id=2485"]}]},{"@type":"ImageObject","inLanguage":"pl-PL","@id":"https:\/\/pkps.org.pl\/?page_id=2485#primaryimage","url":"https:\/\/pkps.org.pl\/wp-content\/uploads\/2024\/04\/logotyp-fundusze-europejskie.png","contentUrl":"https:\/\/pkps.org.pl\/wp-content\/uploads\/2024\/04\/logotyp-fundusze-europejskie.png","width":2109,"height":249},{"@type":"BreadcrumbList","@id":"https:\/\/pkps.org.pl\/?page_id=2485#breadcrumb","itemListElement":[{"@type":"ListItem","position":1,"name":"Strona g\u0142\u00f3wna","item":"https:\/\/pkps.org.pl\/"},{"@type":"ListItem","position":2,"name":"PKPS zaprasza do skorzystania z us\u0142ug w ramach trwa\u0142o\u015bci projektu Uruchomienie Dziennego Domu Pobytu"}]},{"@type":"WebSite","@id":"https:\/\/pkps.org.pl\/#website","url":"https:\/\/pkps.org.pl\/","name":"Polski Komitet Pomocy Spo\u0142ecznej","description":"Strona Polskiego Komitetu Pomocy Spo\u0142ecznej","publisher":{"@id":"https:\/\/pkps.org.pl\/#organization"},"potentialAction":[{"@type":"SearchAction","target":{"@type":"EntryPoint","urlTemplate":"https:\/\/pkps.org.pl\/?s={search_term_string}"},"query-input":{"@type":"PropertyValueSpecification","valueRequired":true,"valueName":"search_term_string"}}],"inLanguage":"pl-PL"},{"@type":"Organization","@id":"https:\/\/pkps.org.pl\/#organization","name":"Polski Komitet Pomocy Spo\u0142ecznej","url":"https:\/\/pkps.org.pl\/","logo":{"@type":"ImageObject","inLanguage":"pl-PL","@id":"https:\/\/pkps.org.pl\/#\/schema\/logo\/image\/","url":"https:\/\/pkps.org.pl\/wp-content\/uploads\/2016\/12\/PKPS-Logo-1.jpg","contentUrl":"https:\/\/pkps.org.pl\/wp-content\/uploads\/2016\/12\/PKPS-Logo-1.jpg","width":299,"height":408,"caption":"Polski Komitet Pomocy Spo\u0142ecznej"},"image":{"@id":"https:\/\/pkps.org.pl\/#\/schema\/logo\/image\/"}}]}},"_links":{"self":[{"href":"https:\/\/pkps.org.pl\/index.php?rest_route=\/wp\/v2\/pages\/2485","targetHints":{"allow":["GET"]}}],"collection":[{"href":"https:\/\/pkps.org.pl\/index.php?rest_route=\/wp\/v2\/pages"}],"about":[{"href":"https:\/\/pkps.org.pl\/index.php?rest_route=\/wp\/v2\/types\/page"}],"author":[{"embeddable":true,"href":"https:\/\/pkps.org.pl\/index.php?rest_route=\/wp\/v2\/users\/3"}],"replies":[{"embeddable":true,"href":"https:\/\/pkps.org.pl\/index.php?rest_route=%2Fwp%2Fv2%2Fcomments&post=2485"}],"version-history":[{"count":2,"href":"https:\/\/pkps.org.pl\/index.php?rest_route=\/wp\/v2\/pages\/2485\/revisions"}],"predecessor-version":[{"id":2492,"href":"https:\/\/pkps.org.pl\/index.php?rest_route=\/wp\/v2\/pages\/2485\/revisions\/2492"}],"wp:attachment":[{"href":"https:\/\/pkps.org.pl\/index.php?rest_route=%2Fwp%2Fv2%2Fmedia&parent=2485"}],"curies":[{"name":"wp","href":"https:\/\/api.w.org\/{rel}","templated":true}]}}